{"version":"1.0","provider_name":"Mit n\u00e9zz\u00fcnk ma a t\u00e9v\u00e9ben?","provider_url":"https:\/\/asanisimasa.cafeblog.hu","author_name":"efes","author_url":"https:\/\/asanisimasa.cafeblog.hu\/author\/efes\/","title":"Kedd, j\u00falius 22.","html":"<div class=\"entry-content\">\r\n\r\nSz\u00f3val, az van -\u00e9s ezt \u00e9n is csak ma vettem \u00e9szre-, hogy a tegnap elkezdett <a href=\"http:\/\/port.hu\/twin_peaks\/pls\/fi\/films.film_page?i_perf_id=42670406&amp;i_topic_id=1\"><strong>Twin Peaks<\/strong><\/a> epiz\u00f3djai nem az \u00e1ltal\u00e1ban megszokott heti rendszeress\u00e9ggel, hanem naponta, h\u00e9tf\u0151t\u0151l p\u00e9ntekig, k\u00e9s\u0151 esti kezd\u00e9ssel ker\u00fclnek ad\u00e1sba (ma pl. <em>23.00<\/em>-t\u0151l, az <em>m1<\/em>-en). Nem fogok k\u00fcl\u00f6n sz\u00f3lni a tov\u00e1bbiakban, hiszen aki nem \u00fclt fel a vonatra, az ett\u0151l kezdve m\u00e1r lemaradt arr\u00f3l.\r\n\r\n<a href=\"https:\/\/asanisimasa.cafeblog.hu\/files\/2014\/07\/K\u00e1in-\u00e9bred\u00e9se-John-Lithgow.jpg\"><img class=\"alignleft size-full wp-image-2184\" src=\"https:\/\/asanisimasa.cafeblog.hu\/files\/2014\/07\/K\u00e1in-\u00e9bred\u00e9se-John-Lithgow.jpg\" alt=\"K\u00e1in \u00e9bred\u00e9se - John Lithgow\" width=\"400\" height=\"267\" \/><\/a>Kora este, a <a href=\"http:\/\/port.hu\/szerelem_a_hatodikon_les_femmes_du_6eme_etage\/pls\/fi\/films.film_page?i_perf_id=42795826&amp;i_topic_id=1\"><strong>Szerelem a hatodikon<\/strong><\/a> (<em>Film Caf\u00e9, 18.55<\/em>) c\u00edm\u0171 kedves francia filmben egy d\u00fasgazdag br\u00f3ker \u00e9rtelmezi \u00e1t saj\u00e1tosan a t\u00e1rsadalmi mobilit\u00e1st, egy v\u00e1ratlanul bek\u00f6sz\u00f6n\u0151 szerelem miatt\u2026 Szolid, tiszta vonal\u00fa, nemesen egyszer\u0171 romantikus t\u00f6rt\u00e9net ez vend\u00e9gmunk\u00e1sokr\u00f3l \u00e9s gazdag helyb\u00e9liekr\u0151l. (<a href=\"http:\/\/efesasanisimasa.wordpress.com\/2012\/08\/29\/szerelem-a-hatodikon-les-femmes-du-6eme-etage-2010\/\"><em>B\u0151vebben<\/em><\/a>)\r\n\r\nA <a href=\"http:\/\/port.hu\/fedoneve:_donnie_brasco_donnie_brasco\/pls\/fi\/films.film_page?i_perf_id=42670420&amp;i_topic_id=1\"><strong>Fed\u0151neve: Donnie Brasc\u00f3<\/strong><\/a>t (<em>film+, 21.00<\/em>) mindig fogom aj\u00e1nlani, mert eg\u00e9sz egyszer\u0171en im\u00e1dom <strong>Al Pacin\u00f3<\/strong>t, aki itt a maffia ki\u00f6reged\u0151 b\u00e9rgyilkosa, ahogy kiny\u00falt segg\u0171 mack\u00f3nadr\u00e1gban n\u00e9zi a NatGe\u00f3t a t\u00e9v\u00e9n.\r\n\r\nA <a href=\"http:\/\/port.hu\/kain_ebredese_raising_cain\/pls\/fi\/films.film_page?i_perf_id=42649550&amp;i_topic_id=1\"><strong>K\u00e1in \u00e9bred\u00e9se<\/strong><\/a> (<em>Paramount Channel, 21.40<\/em>) c\u00edm\u0171 <strong>Brian de Palma<\/strong>-thrillerben <strong>John Lithgow<\/strong> borzongat \u00e9s borzong, egyszerre \u00f6t (5!) szerepben (<em>a k\u00e9pen az egyikben<\/em>).\r\n\r\n<strong>Kocsis \u00c1gnes<\/strong> s\u00falyosan megd\u00edjazott <a href=\"http:\/\/port.hu\/pal_adrienn\/pls\/fi\/films.film_page?i_perf_id=42670403&amp;i_topic_id=1\"><strong>P\u00e1l Adrienn<\/strong><\/a> (<em>m2, 21.45<\/em>) c\u00edm\u0171 filmje olyan, mintha gyerekkorunk kedvenc <a href=\"http:\/\/www.port.hu\/baratom,_bonca\/pls\/fi\/films.film_page?i_film_id=6897&amp;i_city_id=3372&amp;i_county_id=-1\">Bar\u00e1tom, Bonc\u00e1<\/a>j\u00e1t feln\u0151ttkorunk kedvenc <a href=\"http:\/\/hu.wikipedia.org\/wiki\/Aki_Kaurism%C3%A4ki\">Aki Kaurismaki<\/a>ja forgatta volna \u00fajra. (<a href=\"http:\/\/efesasanisimasa.wordpress.com\/2011\/03\/23\/pal_adrienn_2010\/\">B\u0151vebben<\/a>)\r\n\r\n<\/div>","type":"rich"}