{"version":"1.0","provider_name":"Mit n\u00e9zz\u00fcnk ma a t\u00e9v\u00e9ben?","provider_url":"https:\/\/asanisimasa.cafeblog.hu","author_name":"efes","author_url":"https:\/\/asanisimasa.cafeblog.hu\/author\/efes\/","title":"Szerda, j\u00falius 15.","html":"<em>Bon giorno, tutti!<\/em> Mostanra szedtem \u00f6ssze magam s k\u00f6rnyezetem az elm\u00falt n\u00e9h\u00e1ny nap viszontags\u00e1gai ut\u00e1n, \u00e1m rem\u00e9lhet\u0151leg ezent\u00fal minden visszat\u00e9r a megszokott bar\u00e1zd\u00e1ba. Vagy sz\u00e1ntunk \u00fajat, ki tudja\u2026 (Posztok n\u00e9lk\u00fcl is sim\u00e1n elmuzsik\u00e1lt a blog, \u00fagymond f\u00e9lg\u0151zzel\u2026 <span class=\"wp-smiley wp-emoji wp-emoji-smile\" title=\":)\">:)<\/span> Persze, ehhez kellenek a tartal\u00e9kok.)\r\n\r\n<em>Allora. <\/em>Gyilkos temp\u00f3 volt 40 fokban hegyet m\u00e1szni, de gyilkos \u00f3r\u00e1k v\u00e1rnak ma este<strong>Robert de Nir\u00f3<\/strong>ra is. Bobby b\u00e1csi\u00a0a <strong><a href=\"http:\/\/port.hu\/gyilkos_szezon_killing_season\/pls\/fi\/films.film_page?i_perf_id=47877307&amp;i_topic_id=1\">Gyilkos szezon<\/a><\/strong> (<em>film+, 21.00<\/em>) c\u00edm\u0171 kamarathrillerben egy nyugd\u00edjas kommand\u00f3st j\u00e1tszik, aki annak idej\u00e9n, valahol Szerbi\u00e1ban kiv\u00e9gzett egy nagyon gonosz embert. Ma isten h\u00e1ta m\u00f6g\u00f6tti h\u00e1zik\u00f3j\u00e1ban, valahol messze, az erd\u0151k k\u00f6z\u00f6tt, a hegyekben k\u00e9sz\u00fcl az \u00e9ves vad\u00e1szid\u00e9nyre. Egy este egy fura akcentussal besz\u00e9l\u0151 f\u00e9rfi (<strong>John Travolta<\/strong> \u2013 <em>a k\u00e9pen De Nir\u00f3val<\/em>) kopogtat n\u00e1la, hogy vad\u00e1szni szeretne\u2026 (<a href=\"https:\/\/efesasanisimasa.wordpress.com\/2013\/09\/17\/killing-season-vadaszideny-2013\/\"><em>B\u0151vebben<\/em><\/a>)\r\n\r\n<a href=\"https:\/\/asanisimasa.cafeblog.hu\/files\/2014\/09\/gyilkos-szezon-robert-de-niro-\u00e9s-john-travolta.jpg\"><img class=\"alignleft size-full wp-image-2374\" src=\"https:\/\/asanisimasa.cafeblog.hu\/files\/2014\/09\/gyilkos-szezon-robert-de-niro-\u00e9s-john-travolta.jpg\" alt=\"gyilkos szezon - robert de niro \u00e9s john travolta\" width=\"486\" height=\"258\" \/><\/a>A <em>Cinemax<\/em> adja az <strong><a href=\"http:\/\/port.hu\/oklahoma_olaja_oklahoma_crude\/pls\/fi\/films.film_page?i_perf_id=47961125&amp;i_topic_id=1\">Oklahoma olaja<\/a><\/strong> (<em>20.00-t\u00f3l<\/em>) c\u00edm\u0171, 1973-as westernt, amit m\u00e9g gyerekfejjel l\u00e1ttam mozikban, \u00fagy eml\u00e9kszem, j\u00f3 volt (b\u00e1r akkoriban m\u00e9g minden j\u00f3 volt, ami Amerik\u00e1b\u00f3l j\u00f6tt\u2026) <strong>Stanley Kramer<\/strong> antikapitalista dr\u00e1m\u00e1j\u00e1ban egy fiatal n\u0151 (<strong>Faye Dunaway<\/strong>) pr\u00f3b\u00e1lja megv\u00e9deni a f\u00f6ld alatt kincset \u00e9r\u0151 olajat rejt\u0151 farmj\u00e1t a moh\u00f3 olajkonszernt\u0151l. Seg\u00edts\u00e9g\u00e9re egy k\u0151kem\u00e9ny szociopata akad mind\u00f6ssze, de \u0151t azonban<strong>George C. Scott<\/strong> alak\u00edtja, metsz\u0151en jeges tekintettel.\r\n\r\nAz biztos, hogy a \u201cvil\u00e1gszt\u00e1r\u201d <strong>Osv\u00e1rt Andre\u00e1<\/strong>n\u00e1l sokkal izgalmasabb csaj <strong>Jord\u00e1n Ad\u00e9l<\/strong>, mint ahogy az is biztos, hogy <strong>Szab\u00f3 Simon<\/strong>n\u00e1l kevesen tudnak nagyobb gy\u00f6kerek lenni a filmv\u00e1sznon, \u00fagy, hogy m\u00e9gis lehessen r\u00f6h\u00f6gni rajtuk. Az is pozit\u00edvum, hogy v\u00e9gre m\u00e1r nem tolnak a producerek gagyi magyar (\u00e9s k\u00fclf\u00f6ldi) m\u00e1rk\u00e1kat a n\u00e9z\u0151k arc\u00e1ba (\u00e9s legal\u00e1bb egy kicsit kitakarj\u00e1k \u0151ket). A <strong><a href=\"http:\/\/port.hu\/megdonteni_hajnal_timeat\/pls\/fi\/films.film_page?i_perf_id=47918390&amp;i_topic_id=1\">Megd\u00f6nteni Hajnal T\u00edme\u00e1t<\/a><\/strong> (<em>HBO, 21.00<\/em>) is t\u00f6bb munka ut\u00e1n sz\u00f3rakozni v\u00e1gy\u00f3, kiskoszt\u00fcm\u00f6s irodistal\u00e1nyok \u00e9s irodistafi\u00fak sz\u00e1m\u00e1ra kalibr\u00e1lt, gagyi romkomn\u00e1l \u2013 n\u00e9hol \u00fcd\u00edt\u0151en friss (\u00e9rtsd sz\u00f3kimond\u00f3) humora kifejezetten sz\u00f3rakoztat\u00f3 lehet b\u00e1rki (nem igaz\u00e1n finny\u00e1s n\u00e9z\u0151) sz\u00e1m\u00e1ra. \u00c9s ez j\u00f3.\r\n\r\nKisgyermekkorom egyik legpar\u00e1z\u00f3sabb t\u00e9v\u00e9\u00e9lm\u00e9nye volt a klasszikus, fekete-feh\u00e9r\u00a0<a href=\"http:\/\/www.imdb.com\/title\/tt0166420\/\">Belph\u00e9gor<\/a> t\u00e9v\u00e9sorozat, amit soha nem mertem n\u00e9zni (nem volt gyerekszob\u00e1m akkor m\u00e9g, egy szob\u00e1ban \u00e9lt a csal\u00e1d), csak alv\u00e1st sz\u00ednlelve, leselkedve. A f\u0151szerepet akkor<em>Juli\u00e9tte Greco, Jean Cocteau<\/em> (egyik) m\u00fazs\u00e1ja keltette \u00e9letre, <strong>Alain Sarde<\/strong> \u00e9s <strong>Jean-Paul Salom\u00e9<\/strong> 2001-es \u00fajr\u00e1z\u00e1s\u00e1ban, a <strong><a href=\"http:\/\/port.hu\/belphegor_-_a_louvre_fantomja_belphegor_-_le_fantome_du_louvre\/pls\/fi\/films.film_page?i_perf_id=47881903&amp;i_topic_id=1\">Belph\u00e9gor \u2013 A Louvre fantomj\u00e1<\/a><\/strong>ban (<i>Story4, 21.05<\/i>) pedig <strong>Sophie Marceau<\/strong>. Ma m\u00e1r a lid\u00e9rces t\u00f6rt\u00e9net term\u00e9szetesen k\u00f6zel sem gyakorol olyan element\u00e1ris hat\u00e1st a n\u00e9z\u0151re, \u00edgy r\u00e1m sem, mint annak idej\u00e9n \u2013 egy pillant\u00e1st az\u00e9rt tal\u00e1n m\u00e9gis meg\u00e9r. (<em><a href=\"https:\/\/efesasanisimasa.wordpress.com\/2001\/09\/10\/jean_paul_salome_belphegor\/\">B\u0151vebben<\/a><\/em>)","type":"rich"}