{"version":"1.0","provider_name":"Mit n\u00e9zz\u00fcnk ma a t\u00e9v\u00e9ben?","provider_url":"https:\/\/asanisimasa.cafeblog.hu","author_name":"efes","author_url":"https:\/\/asanisimasa.cafeblog.hu\/author\/efes\/","title":"Vas\u00e1rnap, november 26.","html":"<div class=\"entry-content\">\r\n\r\nImpon\u00e1l\u00f3, de legal\u00e1bbis sok tekintetben c\u00edmlapgyan\u00fas szereposzt\u00e1st vir\u00edt <a href=\"https:\/\/port.hu\/adatlap\/film\/tv\/burnt\/event-tv-76039319\/movie-167931\"><strong>Az \u00e9telm\u0171v\u00e9sz<\/strong><\/a> (<em>RTL II, 20.00<\/em>) c\u00edm\u0171 romantikus gasztrokom\u00e9dia. <strong>Bradley Cooper<\/strong> egy k\u00e9t Michelin-csillagos s\u00e9f, egy kik\u00f6p\u00f6tt Gordon Ramsey, egy nagyk\u00e9p\u0171, fellengz\u0151s, ki\u00e1llhatatlan fr\u00e1ter, aki saj\u00e1t \u00e9tterm\u00e9t nyitn\u00e1 \u00e9ppen, amivel v\u00e9gre megszerezhetn\u00e9 a harmadik csillagot. A film azonban romantikus, teh\u00e1t valahol bujk\u00e1l egy n\u0151, aki sz\u00edv\u00e9n vezet az \u00fat a boldogs\u00e1ghoz (meg ahhoz a bizonyos csillaghoz), ehhez azonban a f\u0151szerepl\u0151 szt\u00e1rszak\u00e1csnak gy\u00f6keresen meg kell v\u00e1ltoznia. <strong>Siena Miller, Alicia Vikander, Emma Thompson, Uma Thurman<\/strong>, illetve <strong>Omar Sy, Daniel Br\u00fchl, Matthew Rhys<\/strong>, illetve m\u00e9g sokan m\u00e1sok, pontosabban, az \u00e1ltaluk alak\u00edtott figur\u00e1k lesznek ebben seg\u00edts\u00e9g\u00e9re, vagy \u00e9ppen tesznek ellene.\r\n\r\n<img class=\"alignleft size-full wp-image-5930\" src=\"https:\/\/asanisimasa.cafeblog.hu\/files\/2017\/11\/locke-tom-hardy-e1511531127514.jpg\" alt=\"\" width=\"600\" height=\"400\" \/>\r\n\r\n&nbsp;\r\n\r\nEgy rend\u0151rcsal\u00e1d k\u00e9t \u00f6r\u00f6k\u00f6s\u00e9t alak\u00edtja a rendszerint kit\u0171n\u0151 <strong>Joaquin Phoenix<\/strong>\u00a0\u00e9s <strong>Mark Wahlberg <\/strong>k\u00f6vetkez\u0151 aj\u00e1nlatk\u00e9nt <a href=\"https:\/\/port.hu\/adatlap\/film\/tv\/we-own-the-night\/event-tv-75785399\/movie-90369\"><strong>Az \u00e9jszaka urai<\/strong><\/a> (<i>AMC, 20.50<\/i>) c\u00edm\u0171 filmben, ami se nem t\u00f6bb, se nem kevesebb egy j\u00f3 k\u00f6zepes akci\u00f3-krimin\u00e9l. Az egyik fi\u00fa marad a csal\u00e1di hagyom\u00e1nyokn\u00e1l, \u0151 a becs\u00fcletes, kiscserk\u00e9sz mentalit\u00e1s\u00fa \u201cj\u00f3 zsaru\u201d, m\u00edg a m\u00e1sik a fekete b\u00e1r\u00e1ny: \u0151 a gonosz, s\u00f6t\u00e9t oldalon keresi meg kenyer\u00e9t. Az orosz maffi\u00e1t -itt a t\u00f6rt\u00e9netbeli gonoszt- jellemz\u0151 k\u00f6zhelyek azonban n\u00e9ha m\u00e1r f\u00e1jnak\u2026\r\n\r\nRendszerint sokunk sz\u00e1m\u00e1ra n\u00e9zhetetlen, k\u00e9s\u0151 \u00e9jszakai id\u0151pontban szokott ad\u00e1sba ker\u00fclni a <a href=\"https:\/\/port.hu\/adatlap\/film\/tv\/locke\/event-tv-75785459\/movie-151466\"><strong>Locke \u2013 Nincs vissza\u00fat<\/strong><\/a> (<em>Film M\u00e1nia, 21.00<\/em>) c\u00edm\u0171 igen \u00e9rdekes film, mely ma v\u00e9gre norm\u00e1lis id\u0151pontban is n\u00e9zhet\u0151v\u00e9 v\u00e1lik. Egyik f\u0151szerepl\u0151 a h\u00edres, n\u00e9met aut\u00f3m\u00e1rka, melynek itt szerepl\u0151 p\u00e9ld\u00e1nya n\u00e1lunk els\u0151sorban maffi\u00f3z\u00f3k \u00e9s korm\u00e1nytan\u00e1csad\u00f3k kedvenc luxusterepj\u00e1r\u00f3ja \u2013 itt egy angol \u00e9p\u00edt\u00e9svezet\u0151 munk\u00e1ba j\u00e1r\u00f3 aut\u00f3ja, ami akkor is c\u00e9lba viszi gazd\u00e1j\u00e1t, ha az vezet\u00e9s k\u00f6zben egyszerre \u00e9li meg egy \u00e1tlagos kisemberre kim\u00e9rhet\u0151 \u00f6sszes l\u00e9tez\u0151 mag\u00e1n\u00e9leti-, szakmai- \u00e9s gener\u00e1ci\u00f3s v\u00e1ls\u00e1got. De BMW-rekl\u00e1m mellett n\u00e9zhetj\u00fck a filmet egy l\u00e1tv\u00e1nyos k\u00eds\u00e9rleti <em>r\u00e1di\u00f3j\u00e1t\u00e9k<\/em>k\u00e9nt is\u2026 <strong>Steven Knight<\/strong>\u00a0egyetlen l\u00e1that\u00f3 szerepl\u0151vel (+n\u00e9h\u00e1ny hallhat\u00f3val) v\u00e9gigvezetett rendez\u00e9se mindenk\u00e9ppen b\u00e1tor \u00e9s izgalmas v\u00e1llal\u00e1s, <strong>Tom Hardy<\/strong> (<em>a k\u00e9pen<\/em>) pedig minden t\u00falz\u00e1s n\u00e9lk\u00fcl zseni\u00e1lis.\r\n\r\n<strong>Peter Berg\u00a0<\/strong>val\u00f3s\u00e1gban megt\u00f6rt\u00e9nt esem\u00e9nyeket feldolgoz\u00f3 <a href=\"https:\/\/port.hu\/adatlap\/film\/tv\/lone-survivor\/event-tv-75995913\/movie-146326\"><strong>A t\u00fal\u00e9l\u0151<\/strong><\/a> (<em>RTL+, 21.00<\/em>) c\u00edm\u0171 filmj\u00e9nek c\u00edm\u00e9ben is ott van, hogy a v\u00e9g\u00e9n valaki biztosan t\u00fal\u00e9li a filmb\u00e9li c\u00f3reszt -hiszen valakinek el kell mes\u00e9lnie ezt a sztorit- s mivel <strong>Mark Wahlberg<\/strong> a legnagyobb n\u00e9v a st\u00e1blist\u00e1n, nyilv\u00e1n az \u00e1ltala alak\u00edtott szerepl\u0151 lesz az. A forgat\u00f3k\u00f6nyv\u00edr\u00f3-rendez\u0151 Berget nyilv\u00e1nval\u00f3an nem is \u00e9rdekelte, hogy filmje megfeleljen b\u00e1rmif\u00e9le h\u00e1bor\u00fas, harcol\u00f3s, katon\u00e1s zs\u00e1ner k\u00f6telmeinek, azon k\u00edv\u00fcl, hogy az akci\u00f3jelenetek bizony igen l\u00e1tv\u00e1nyosak, vagy ha nem, akkor viszont hitelesek, mint egy lesben \u00e1ll\u00f3 mer\u00e9nyl\u0151 Kalasnyikovj\u00e1b\u00f3l kil\u0151tt, csontot forg\u00e1csol\u00f3 7.65-\u00f6s l\u00f6ved\u00e9k. A film ink\u00e1bb az Afganiszt\u00e1nban v\u00e9grehajtott, h\u00edrhedt Red Wings-hadm\u0171veletet t\u00fal\u00e9l\u0151 <em>Marcus Lutrell<\/em> (na, \u0151t alak\u00edtja Wahlberg, <em>in blood, sweat &amp; tears<\/em>) hitelesnek tekinthet\u0151 jelent\u00e9se alapj\u00e1n k\u00eds\u00e9rli meg reproduk\u00e1lni a v\u00e9res kudarcba fulladt akci\u00f3t, melynek c\u00e9lja egy t\u00e1lib vez\u00e9r meggyilkol\u00e1sa lett volna. (<a href=\"https:\/\/efesasanisimasa.wordpress.com\/2014\/02\/06\/a-tulelo-lone-survivor-2013\/\"><em>B\u0151vebben<\/em><\/a>)\r\n\r\nEgy kifejezetten l\u00e9lekemel\u0151 \u00e9s m\u00e9lyen megind\u00edt\u00f3 alkot\u00e1s a <a href=\"https:\/\/port.hu\/adatlap\/film\/tv\/valahol-europaban\/event-tv-76002002\/movie-2597\"><strong>Valahol Eur\u00f3p\u00e1ban<\/strong><\/a> (<em>m5, 21.20<\/em>), nem v\u00e9letlen\u00fcl \u00e9rt el vil\u00e1gh\u00edrt 1947-es bemutat\u00e1sa \u00f3ta <strong>Radv\u00e1nyi G\u00e9za<\/strong> filmje. \u00cdr\u00f3ja, <strong>Bal\u00e1zs B\u00e9la<\/strong> azonban ma m\u00e1r \u00fajra a tiltott szem\u00e9lyek list\u00e1j\u00e1n van, utc\u00e1t sem nevezhet\u00fcnk el r\u00f3la, de a film c\u00edm\u00e9r\u0151l is ink\u00e1bb a bel\u0151le k\u00e9sz\u00fclt musicalre asszoci\u00e1l a n\u00e9z\u0151. Itt lenne teh\u00e1t a kit\u0171n\u0151 alkalom oktalan d\u00f6nt\u00e9seink revide\u00e1l\u00e1s\u00e1ra, a tanul\u00e1sra \u00e9s okul\u00e1sra, csak h\u00e1t\u2026\r\n\r\nTal\u00e1n az Elk\u00e9st\u00e9l, Terry! c\u00edm\u0171 Raymond Chandler-reg\u00e9ny kezd\u0151dik \u00fagy, hogy kopogtatnak az ajt\u00f3n, amely r\u00f6videsen kiny\u00edlik \u00e9s \u2026 most vagy Philip Marlowe, a f\u0151h\u0151s mag\u00e1ndetekt\u00edv v\u00e1gja orron azt, aki ajt\u00f3t nyit, vagy \u0151t v\u00e1gj\u00e1k \u00e9ppen orron, nem eml\u00e9kszem m\u00e1r; na, viszont ez a film t\u00f6k ilyen. Nem is tudom, mikor r\u00f6h\u00f6gtem magam utolj\u00e1ra k\u00f6nnyesre egy krimin, de most \u00edgy t\u00f6rt\u00e9nt. <strong>Shane Black<\/strong> t\u00f6k\u00e9letes Chandler\/Marlowe hommage-t alkotott ezzel a remekbe szabott, <em>sz\u00ednes film noir<\/em>-kom\u00e9di\u00e1val, a <a href=\"https:\/\/port.hu\/adatlap\/film\/tv\/the-the-nice-guys\/event-tv-76039320\/movie-171386\"><strong>Rendes fick\u00f3k<\/strong><\/a>kal (<em>RTL II, 22.00<\/em>). A film finoms\u00e1gait term\u00e9szetesen nem \u00e9rzi az, aki nem tudja, kicsoda ez a Marlowe, mi f\u00e1n terem a film noir, hiszen mindv\u00e9gig ebben a rel\u00e1ci\u00f3ban zajlik minden: tess\u00e9k olvasni, m\u0171vel\u0151dni \u00e9s egy vil\u00e1g fog kiny\u00edlni\u2026 Pluszpont, hogy mintha dupl\u00e1n l\u00e1t\u00f3 szem\u00fcvegen \u00e1t n\u00e9zn\u00e9nk az ismert sztoriban az ismert figur\u00e1t: Marlowe \u00e9s a chandleri\u00e1nus, klasszikus krimit\u00f6rt\u00e9net k\u00e9t karakterb\u0151l \u00e1ll \u00f6ssze, egyfajta mozaikk\u00e9nt: <strong>Ryan Gosling<\/strong> \u00e9s <strong>Russell Crowe<\/strong> istenien m\u0171k\u00f6dnek egy\u00fctt. B\u00e1rmeddig eln\u00e9zn\u00e9m \u0151ket, s kalandjaikat\u2026\r\n\r\n<strong><a href=\"https:\/\/port.hu\/adatlap\/film\/tv\/the-the-client\/event-tv-75778116\/movie-5909\">Az \u00fcgyf\u00e9l<\/a><\/strong> (<i>Film+, 23.00<\/i>) c\u00edm\u0171 amerikai film aff\u00e9le t\u00e1rgyal\u00f3termi dr\u00e1ma. E m\u0171fajban specialist\u00e1nak tekinthet\u0151 <strong>John Grisham<\/strong> \u00edrta a k\u00f6nyvet, <strong>Joel Schumacher<\/strong> pedig megrendezte \u2013 teh\u00e1t szakmailag\/formailag t\u00fal nagy baj nincs is e darabbal. Klis\u00e9k \u00e9s sablonok, ami m\u0171faji filmekn\u00e9l, \u00fagymond, \u201ct\u00edpushiba\u201d, de legal\u00e1bb minden biztons\u00e1gosan (\u00e9s kisz\u00e1m\u00edthat\u00f3an) m\u0171k\u00f6dik, els\u0151sorban <strong>Susan Sarandon<\/strong>nak \u00e9s <strong>Tommy Lee Jones<\/strong>nak k\u00f6sz\u00f6nhet\u0151en. (<em><a href=\"https:\/\/efesasanisimasa.wordpress.com\/2011\/03\/15\/az_ugyfel_the_client_1995\/\">B\u0151vebben<\/a><\/em>)\r\n\r\n<\/div>","type":"rich"}