{"version":"1.0","provider_name":"Mit n\u00e9zz\u00fcnk ma a t\u00e9v\u00e9ben?","provider_url":"https:\/\/asanisimasa.cafeblog.hu","author_name":"efes","author_url":"https:\/\/asanisimasa.cafeblog.hu\/author\/efes\/","title":"Szombat, j\u00falius 21.","html":"<div class=\"entry-content\">\r\n<p>Tombol az uborkaszezon. A mai aj\u00e1nlat els\u0151sorban h\u00f6lgyeknek sz\u00f3l, akik m\u00e1r -mondjuk azt- kin\u0151ttek a ny\u00e1ri szombat est\u00e9k nyilv\u00e1noss\u00e1g\u00e1nak l\u00e1togat\u00e1s\u00e1b\u00f3l, s akiknek f\u00e9rfit\u00e1rsai nem k\u00edv\u00e1ncsiak felt\u00e9tlen\u00fcl a Garancsi \u2013 Seszt\u00e1k NBI-es labdar\u00fag\u00f3 m\u00e9rk\u0151z\u00e9s megtekint\u00e9s\u00e9hez (vagy ezt a perverzi\u00f3jukat megoldj\u00e1k m\u00e1shogyan). A\u00a0<a href=\"https:\/\/port.hu\/adatlap\/film\/tv\/kvartett-a-nagy-negyes-quartet\/event-tv-342182739-6\/movie-138751\"><strong>Kvartett \u2013 A nagy n\u00e9gyes<\/strong><\/a>\u00a0(<i>Duna, 19.35<\/i>)\u00a0<a href=\"http:\/\/port.hu\/a_nagy_negyes\/pls\/th\/theatre.directing?i_direct_id=17036&amp;i_city_id=-1&amp;i_topic_id=&amp;i_county_id=-1\">sz\u00edndarab eredetij\u00e9t<\/a>\u00a0n\u00e1lunk egy kiv\u00e1l\u00f3 sz\u00edn\u00e9sz,\u00a0<i>G\u00e1lffi L\u00e1szl\u00f3<\/i>\u00a0rendezte meg a\u00a0<i>Belv\u00e1rosi Sz\u00ednh\u00e1z<\/i>ban.<i>\u00a0<\/i>A darab filmv\u00e1ltozata szint\u00e9n egy sz\u00edn\u00e9sz, bizonyos\u00a0<strong>Dustin Hoffman<\/strong>\u00a0munk\u00e1ja, akinek 76 \u00e9vesen ez a bemutatkoz\u00e1sa\u00a0<em>ebben a szerepben<\/em>. M\u00e1rmint a rendez\u00e9sben. Persze, Dustin b\u00e1csi az\u00e9rt olyan nagyot nem kock\u00e1ztatott, hiszen el\u00e9g neh\u00e9z elrontani ezt a t\u00f6rt\u00e9netet. Egy csod\u00e1latos k\u00f6rnyezetben fekv\u0151, decens vid\u00e9ki\u00a0<i>abbey<\/i>-ben j\u00e1tsz\u00f3dik a cselekm\u00e9ny, egy nyugd\u00edjas opera\u00e9nekeseknek \u00e9s zen\u00e9szeknek fenntartott otthonban. A szerepl\u0151k t\u00falnyom\u00f3r\u00e9szt \u00e9s \u00e9rtelemszer\u0171en id\u0151s m\u0171v\u00e9szek, akiknek szerepeiben id\u0151s, tapasztalt sz\u00edn\u00e9szek (pl.\u00a0<strong>Maggie Smith<\/strong>, akit a Downton Abbey vicces, pik\u00edrt modor\u00fa matr\u00f3n\u00e1jak\u00e9nt im\u00e1dtunk nemr\u00e9giben, vagy <strong>Pauline Collins, Billy Connolly<\/strong> \u2013 <em>a k\u00e9pen \u0151k<\/em>) brill\u00edroznak, gyakorlatilag kedv\u00fck szerint. K\u00f6zeledik az otthon nagy esem\u00e9nye, Verdi sz\u00fclet\u00e9snapja, amire a lak\u00f3k a hagyom\u00e1nyos h\u00e1zikoncerttel k\u00e9sz\u00fclnek\u2026 (<em><a href=\"https:\/\/efesasanisimasa.wordpress.com\/2013\/01\/30\/kvartett-a-nagy-negyes-quartet-2012\/\">B\u0151vebben<\/a><\/em>)<\/p>\r\n<p><img class=\"alignleft size-full wp-image-6723\" src=\"https:\/\/asanisimasa.cafeblog.hu\/files\/2018\/07\/kvartett-nagy-negyes-maggie-smith-pauline-collins-billy-connolly-e1532074067646.jpg\" alt=\"\" width=\"600\" height=\"405\" \/>Az Oscar-d\u00edjas <a href=\"https:\/\/port.hu\/adatlap\/film\/tv\/wall-e-walle\/event-tv-341338378-5\/movie-93810\"><strong>WALL-E<\/strong><\/a>-vel (<em>RTL Klub, 20.05<\/em>) sem lehet k\u00fcl\u00f6n\u00f6sebb baj, s\u0151t, ez egy eg\u00e9szen n\u00e9zhet\u0151 kis cukis\u00e1g. Nem sztorizom el az eg\u00e9sz filmet, f\u0151leg, mert k\u00e9t mondattal gyakorlatilag el is lehet int\u00e9zni az elej\u00e9t\u0151l a v\u00e9g\u00e9ig: J\u00f3 Disney-hagyom\u00e1nyoknak megfelel\u0151en, als\u00f3s bel\u00e9p\u0151szint a cselekm\u00e9ny, mely azonban tele van feln\u0151tteknek, tapasztaltabbaknak, illetve m\u0171veltebbeknek sz\u00f3l\u00f3, vicces filmt\u00f6rt\u00e9neti \u00e9s egy\u00e9b utal\u00e1sokkal, valamint mindenki sz\u00e1m\u00e1ra megsz\u00edvlelend\u0151, \u00e1m a szok\u00e1sos tan\u00e1ri didaktik\u00e1val t\u00e1lalt \u00f6kol\u00f3giai, illetve a fogyaszt\u00f3i t\u00e1rsadalmat illet\u0151 kritikai tanuls\u00e1ggal. Ez ut\u00f3bbi \u00e1ltal\u00e1ban ki is szokta nyitni a bicsk\u00e1t a zsebemben, ugyanis nehogy m\u00e1r \u00e9pp a Disney mondja meg nekem, mi a ciki a az am\u00fagy \u00e1ltala is teljes er\u0151vel a habzsol\u00e1sra idom\u00edtott t\u00e1rsadalomban\u2026 Itt azonban ez egy igen \u00e9des t\u00f6rt\u00e9netben tomp\u00edtva jelenik meg, \u00fagyhogy spongya r\u00e1. (<a href=\"https:\/\/efesasanisimasa.wordpress.com\/2011\/09\/05\/wall-e-2008\/\"><em>B\u0151vebben<\/em><\/a>)<\/p>\r\n<p>J\u00f6n megint a\u00a0<a href=\"https:\/\/port.hu\/adatlap\/film\/tv\/mamma-mia\/event-tv-342492723-244\/movie-90324\"><strong>Mamma Mia!<\/strong><\/a>\u00a0(<em>SuperTV2, 20.55<\/em>) is (a m\u00e1sodik r\u00e9sz a mozikban!), amiben engem h\u00e1rom dolog lepett meg, anno. A legfontosabb az, hogy milyen j\u00f3l m\u0171k\u00f6dnek az ABBA-dalok dramaturgiailag \u00f6sszef\u0171zve, egy musical storyline-j\u00e1ban, a m\u00e1sik, hogy\u00a0<strong>Meryl Streep\u00a0<\/strong>-k\u00e9pletesen sz\u00f3lva- ez\u00fattal\u00a0<em>egy \u00e1llat<\/em>, a harmadik pedig az, hogy ez az\u00a0<strong>Amanda Seyfried<\/strong>\u00a0milyen \u00e9des kis csaj (megel\u0151z\u0151en \u00e9n csak thrillerekben l\u00e1ttam). A film helysz\u00edn\u00e9\u00fcl szolg\u00e1l\u00f3 kis sziget lak\u00f3inak eg\u00e9szen biztosan nem kell azon agg\u00f3dniuk, hogy ny\u00e1ron nem tudj\u00e1k kiadni szob\u00e1csk\u00e1ikat\u2026<\/p>\r\n<p>Ugyanekkor azonban\u00a0<a href=\"https:\/\/port.hu\/adatlap\/film\/tv\/elvalt-nok-klubja-the-first-wives-club\/event-tv-341022072-257\/movie-617\"><strong>Elv\u00e1lt n\u0151k klubja<\/strong><\/a>\u00a0(<i>Paramount Channel, 21.00<\/i>) amolyan v\u00e9d- \u00e9s dacsz\u00f6vets\u00e9gk\u00e9nt j\u00f6tt l\u00e9tre (m\u00e9g az elm\u00falt sz\u00e1zadban) a f\u00e9rfinem ellen, de f\u0151leg az elv\u00e1lt f\u00e9rjek ellen. Persze, afel\u0151l szemernyi k\u00e9ts\u00e9g\u00fcnk sem lehet, hogy\u00a0<strong>Bette Midler, Goldie Hawn, Diane Keaton<\/strong>,\u00a0vagy\u00a0<strong>Maggie Smith<\/strong>\u00a0el\u0151tt nincs az a f\u00e9rfi, aki meg\u00e1llna a talp\u00e1n.&#x1f642;\u00a0Term\u00e9szetesen ez csak egy romantikus kom\u00e9dia, mely azonban stabil l\u00e1bakon \u00e1ll.<\/p>\r\n<p><a href=\"https:\/\/port.hu\/adatlap\/film\/tv\/az-elet-szep-la-vita-e-bella\/event-tv-342182746-6\/movie-3608\"><strong>Az \u00e9let sz\u00e9p<\/strong><\/a>\u00a0(<i>Duna, 21.20<\/i>) Guid\u00f3r\u00f3l (<strong>Roberto\u00a0<\/strong><strong>Benigni<\/strong> Oscar-d\u00edjas alak\u00edt\u00e1sa), a chaplini \u00e9rtelemben vett kisemberr\u0151l sz\u00f3l, akit a m\u00e1sodik vil\u00e1gh\u00e1bor\u00fa alatt, sz\u00e1rmaz\u00e1sa miatt kisfi\u00e1val egy\u00fctt l\u00e1gerbe z\u00e1rnak. Hogy kisfi\u00e1nak k\u00f6nnyebb legyen a koncentr\u00e1ci\u00f3s t\u00e1bor sz\u00f6rny\u0171s\u00e9g\u00e9t elviselni, Guido azt a \u201cj\u00e1t\u00e9kot\u201d tal\u00e1lja ki, hogy \u0151k, a rabok, egy nagy j\u00e1t\u00e9kban j\u00e1t\u00e9kosok, az \u0151r\u00f6k pedig a j\u00e1t\u00e9kvezet\u0151k.\u00a0<strong>Roberto Benigni<\/strong>\u00a0ezt -a t\u0151le megszokott sziszifuszi munk\u00e1val- k\u00e9pes el is hitetni vel\u00fcnk. Olyannyira, hogy a film gyakorlatilag v\u00e9gigtarolta annak idej\u00e9n a vil\u00e1g filmfesztiv\u00e1ljait, inkluz\u00edve 3 db. Oscar-d\u00edjjal. Torokszor\u00edt\u00f3 film, \u00e1m 100%-os optimizmus-, \u00e9s \u00e9let\u00f6r\u00f6mt\u00f6ltet.<\/p>\r\n<\/div>","type":"rich"}