{"version":"1.0","provider_name":"Mit n\u00e9zz\u00fcnk ma a t\u00e9v\u00e9ben?","provider_url":"https:\/\/asanisimasa.cafeblog.hu","author_name":"efes","author_url":"https:\/\/asanisimasa.cafeblog.hu\/author\/efes\/","title":"Szerda, j\u00falius 29.","html":"<p>M\u00e1ra v\u00e9gk\u00e9pp nincs semmi aj\u00e1nlatom... Csak laz\u00e1n.<\/p>\r\n<p><img class=\"alignleft size-full wp-image-9091\" src=\"https:\/\/asanisimasa.cafeblog.hu\/files\/2020\/07\/relax-e1595918726812.jpg\" alt=\"\" width=\"600\" height=\"300\" \/><\/p>\r\n<p>&nbsp;<\/p>","type":"rich"}